{"id":105,"date":"2018-03-19T08:47:29","date_gmt":"2018-03-19T08:47:29","guid":{"rendered":"https:\/\/www.fpzv-ev.de\/?page_id=105"},"modified":"2025-05-29T15:45:33","modified_gmt":"2025-05-29T15:45:33","slug":"partner","status":"publish","type":"page","link":"https:\/\/www.fpzv-ev.de\/index.php\/der-fpzv\/partner\/","title":{"rendered":"Z\u00fcchter und Partner"},"content":{"rendered":"\t\t<div data-elementor-type=\"wp-post\" data-elementor-id=\"105\" class=\"elementor elementor-105\">\n\t\t\t\t\t\t<section class=\"elementor-section elementor-top-section elementor-element elementor-element-3f6fef3 elementor-section-boxed elementor-section-height-default elementor-section-height-default\" data-id=\"3f6fef3\" data-element_type=\"section\">\n\t\t\t\t\t\t<div class=\"elementor-container elementor-column-gap-default\">\n\t\t\t\t\t<div class=\"elementor-column elementor-col-50 elementor-top-column elementor-element elementor-element-6855e07\" data-id=\"6855e07\" data-element_type=\"column\">\n\t\t\t<div class=\"elementor-widget-wrap elementor-element-populated\">\n\t\t\t\t\t\t<div class=\"elementor-element elementor-element-a7780cb elementor-widget elementor-widget-image\" data-id=\"a7780cb\" data-element_type=\"widget\" data-widget_type=\"image.default\">\n\t\t\t\t<div class=\"elementor-widget-container\">\n\t\t\t\t\t\t\t\t\t\t<figure class=\"wp-caption\">\n\t\t\t\t\t\t\t\t\t\t\t<a href=\"https:\/\/www.gestuet-glimbach.de\/\" target=\"_blank\">\n\t\t\t\t\t\t\t<img fetchpriority=\"high\" decoding=\"async\" width=\"768\" height=\"547\" src=\"https:\/\/www.fpzv-ev.de\/wp-content\/uploads\/2023\/06\/FPZV_Equiness_-768x547.png\" class=\"attachment-medium_large size-medium_large wp-image-4893\" alt=\"FPZV_Equiness\" srcset=\"https:\/\/www.fpzv-ev.de\/wp-content\/uploads\/2023\/06\/FPZV_Equiness_-768x547.png 768w, https:\/\/www.fpzv-ev.de\/wp-content\/uploads\/2023\/06\/FPZV_Equiness_-300x214.png 300w, https:\/\/www.fpzv-ev.de\/wp-content\/uploads\/2023\/06\/FPZV_Equiness_.png 1000w\" sizes=\"(max-width: 768px) 100vw, 768px\" \/>\t\t\t\t\t\t\t\t<\/a>\n\t\t\t\t\t\t\t\t\t\t\t<figcaption class=\"widget-image-caption wp-caption-text\">Bitte klicken Sie f\u00fcr mehr Infos auf das Bild.<\/figcaption>\n\t\t\t\t\t\t\t\t\t\t<\/figure>\n\t\t\t\t\t\t\t<\/div>\n\t\t\t\t<\/div>\n\t\t\t\t\t<\/div>\n\t\t<\/div>\n\t\t\t\t<div class=\"elementor-column elementor-col-50 elementor-top-column elementor-element elementor-element-633659a\" data-id=\"633659a\" data-element_type=\"column\">\n\t\t\t<div class=\"elementor-widget-wrap elementor-element-populated\">\n\t\t\t\t\t\t<div class=\"elementor-element elementor-element-b5c3dcb elementor-widget elementor-widget-text-editor\" data-id=\"b5c3dcb\" data-element_type=\"widget\" data-widget_type=\"text-editor.default\">\n\t\t\t\t<div class=\"elementor-widget-container\">\n\t\t\t\t\t\t\t<p>Z\u00fcchter und Ausbilder G\u00fcnther Fr\u00f6hlich z\u00e4hlt zu den Gr\u00fcndern des Friesenpferde-Zuchtverband e. V. Heute ist er Ehrenmitglied des Verbandes. Auf seiner Reitanlage in Arsbeck vermittelt er unterst\u00fctzt von seiner Frau Susanne Fischer-Fr\u00f6hlich zahlreichen (Friesen-) Pferdemenschen Wissen \u00fcber Zucht und Pferdetraining.<\/p><p>Mehr Infos zum Angebot und den genauen Kontakt erhalten Sie durch einen Klick auf das Bild.<\/p>\t\t\t\t\t\t<\/div>\n\t\t\t\t<\/div>\n\t\t\t\t\t<\/div>\n\t\t<\/div>\n\t\t\t\t\t<\/div>\n\t\t<\/section>\n\t\t\t\t<section class=\"elementor-section elementor-top-section elementor-element elementor-element-c746eae elementor-section-boxed elementor-section-height-default elementor-section-height-default\" data-id=\"c746eae\" data-element_type=\"section\">\n\t\t\t\t\t\t<div class=\"elementor-container elementor-column-gap-default\">\n\t\t\t\t\t<div class=\"elementor-column elementor-col-100 elementor-top-column elementor-element elementor-element-7398b6f\" data-id=\"7398b6f\" data-element_type=\"column\">\n\t\t\t<div class=\"elementor-widget-wrap elementor-element-populated\">\n\t\t\t\t\t\t<div class=\"elementor-element elementor-element-52044d3 elementor-widget-divider--view-line elementor-widget elementor-widget-divider\" data-id=\"52044d3\" data-element_type=\"widget\" data-widget_type=\"divider.default\">\n\t\t\t\t<div class=\"elementor-widget-container\">\n\t\t\t\t\t<div class=\"elementor-divider\">\n\t\t\t<span class=\"elementor-divider-separator\">\n\t\t\t\t\t\t<\/span>\n\t\t<\/div>\n\t\t\t\t<\/div>\n\t\t\t\t<\/div>\n\t\t\t\t\t<\/div>\n\t\t<\/div>\n\t\t\t\t\t<\/div>\n\t\t<\/section>\n\t\t\t\t<section class=\"elementor-section elementor-top-section elementor-element elementor-element-3e92947 elementor-section-boxed elementor-section-height-default elementor-section-height-default\" data-id=\"3e92947\" data-element_type=\"section\">\n\t\t\t\t\t\t<div class=\"elementor-container elementor-column-gap-default\">\n\t\t\t\t\t<div class=\"elementor-column elementor-col-50 elementor-top-column elementor-element elementor-element-e56548e\" data-id=\"e56548e\" data-element_type=\"column\">\n\t\t\t<div class=\"elementor-widget-wrap elementor-element-populated\">\n\t\t\t\t\t\t<div class=\"elementor-element elementor-element-85b8802 elementor-widget elementor-widget-image\" data-id=\"85b8802\" data-element_type=\"widget\" data-widget_type=\"image.default\">\n\t\t\t\t<div class=\"elementor-widget-container\">\n\t\t\t\t\t\t\t\t\t\t<figure class=\"wp-caption\">\n\t\t\t\t\t\t\t\t\t\t\t<a href=\"https:\/\/www.derpolderhof.de\/de\/der-polderhof\" target=\"_blank\">\n\t\t\t\t\t\t\t<img decoding=\"async\" width=\"300\" height=\"300\" src=\"https:\/\/www.fpzv-ev.de\/wp-content\/uploads\/2023\/06\/FPZV_Zuechter_Polderhof-300x300.png\" class=\"attachment-medium size-medium wp-image-4905\" alt=\"\" srcset=\"https:\/\/www.fpzv-ev.de\/wp-content\/uploads\/2023\/06\/FPZV_Zuechter_Polderhof-300x300.png 300w, https:\/\/www.fpzv-ev.de\/wp-content\/uploads\/2023\/06\/FPZV_Zuechter_Polderhof-1024x1024.png 1024w, https:\/\/www.fpzv-ev.de\/wp-content\/uploads\/2023\/06\/FPZV_Zuechter_Polderhof-150x150.png 150w, https:\/\/www.fpzv-ev.de\/wp-content\/uploads\/2023\/06\/FPZV_Zuechter_Polderhof-768x768.png 768w, https:\/\/www.fpzv-ev.de\/wp-content\/uploads\/2023\/06\/FPZV_Zuechter_Polderhof.png 1080w\" sizes=\"(max-width: 300px) 100vw, 300px\" \/>\t\t\t\t\t\t\t\t<\/a>\n\t\t\t\t\t\t\t\t\t\t\t<figcaption class=\"widget-image-caption wp-caption-text\">Bitte klicken Sie f\u00fcr mehr Infos auf das Bild.<\/figcaption>\n\t\t\t\t\t\t\t\t\t\t<\/figure>\n\t\t\t\t\t\t\t<\/div>\n\t\t\t\t<\/div>\n\t\t\t\t\t<\/div>\n\t\t<\/div>\n\t\t\t\t<div class=\"elementor-column elementor-col-50 elementor-top-column elementor-element elementor-element-70c7493\" data-id=\"70c7493\" data-element_type=\"column\">\n\t\t\t<div class=\"elementor-widget-wrap elementor-element-populated\">\n\t\t\t\t\t\t<div class=\"elementor-element elementor-element-c01ae14 elementor-widget elementor-widget-text-editor\" data-id=\"c01ae14\" data-element_type=\"widget\" data-widget_type=\"text-editor.default\">\n\t\t\t\t<div class=\"elementor-widget-container\">\n\t\t\t\t\t\t\t<p>Der Polderhof in Bunderhee z\u00e4hlt zu unseren am n\u00f6rdlichsten gelegenen Mitgliedern. Helmuth Br\u00fcmmer und sein Team setzen sich seit Jahrzehnten f\u00fcr die Friesenpferdezucht in Deutschland ein und bieten (Friesen-) Pferdefreunden auf der Gest\u00fctsanlage ein einzigartiges Ambiente.<\/p><p>Auf\u00a0 \u00fcber 20 Hektar sind Hengste und Stuten in getrennten Stallgeb\u00e4uden, artgerecht untergebracht. Jungpferde wachsen in gro\u00dfen Laufst\u00e4llen auf.\u00a0 Mehr Infos und den genauen Kontakt erhalten Sie durch einen Klick auf das Bild.<\/p>\t\t\t\t\t\t<\/div>\n\t\t\t\t<\/div>\n\t\t\t\t\t<\/div>\n\t\t<\/div>\n\t\t\t\t\t<\/div>\n\t\t<\/section>\n\t\t\t\t<section class=\"elementor-section elementor-top-section elementor-element elementor-element-4a1fb95 elementor-section-boxed elementor-section-height-default elementor-section-height-default\" data-id=\"4a1fb95\" data-element_type=\"section\">\n\t\t\t\t\t\t<div class=\"elementor-container elementor-column-gap-default\">\n\t\t\t\t\t<div class=\"elementor-column elementor-col-100 elementor-top-column elementor-element elementor-element-e68e85d\" data-id=\"e68e85d\" data-element_type=\"column\">\n\t\t\t<div class=\"elementor-widget-wrap elementor-element-populated\">\n\t\t\t\t\t\t<div class=\"elementor-element elementor-element-2bdf78c elementor-widget-divider--view-line elementor-widget elementor-widget-divider\" data-id=\"2bdf78c\" data-element_type=\"widget\" data-widget_type=\"divider.default\">\n\t\t\t\t<div class=\"elementor-widget-container\">\n\t\t\t\t\t<div class=\"elementor-divider\">\n\t\t\t<span class=\"elementor-divider-separator\">\n\t\t\t\t\t\t<\/span>\n\t\t<\/div>\n\t\t\t\t<\/div>\n\t\t\t\t<\/div>\n\t\t\t\t\t<\/div>\n\t\t<\/div>\n\t\t\t\t\t<\/div>\n\t\t<\/section>\n\t\t\t\t<section class=\"elementor-section elementor-top-section elementor-element elementor-element-d870a6c elementor-section-boxed elementor-section-height-default elementor-section-height-default\" data-id=\"d870a6c\" data-element_type=\"section\">\n\t\t\t\t\t\t<div class=\"elementor-container elementor-column-gap-default\">\n\t\t\t\t\t<div class=\"elementor-column elementor-col-50 elementor-top-column elementor-element elementor-element-c43f5cf\" data-id=\"c43f5cf\" data-element_type=\"column\">\n\t\t\t<div class=\"elementor-widget-wrap elementor-element-populated\">\n\t\t\t\t\t\t<div class=\"elementor-element elementor-element-525e2f8 elementor-widget elementor-widget-image\" data-id=\"525e2f8\" data-element_type=\"widget\" data-widget_type=\"image.default\">\n\t\t\t\t<div class=\"elementor-widget-container\">\n\t\t\t\t\t\t\t\t\t\t<figure class=\"wp-caption\">\n\t\t\t\t\t\t\t\t\t\t\t<a href=\"https:\/\/www.facebook.com\/friesenpferdeoberurff\/\" target=\"_blank\">\n\t\t\t\t\t\t\t<img decoding=\"async\" width=\"300\" height=\"300\" src=\"https:\/\/www.fpzv-ev.de\/wp-content\/uploads\/2023\/06\/FPZV_Zuechter_Friesenpferde-Oberurff-300x300.png\" class=\"attachment-medium size-medium wp-image-4910\" alt=\"\" srcset=\"https:\/\/www.fpzv-ev.de\/wp-content\/uploads\/2023\/06\/FPZV_Zuechter_Friesenpferde-Oberurff-300x300.png 300w, https:\/\/www.fpzv-ev.de\/wp-content\/uploads\/2023\/06\/FPZV_Zuechter_Friesenpferde-Oberurff-1024x1024.png 1024w, https:\/\/www.fpzv-ev.de\/wp-content\/uploads\/2023\/06\/FPZV_Zuechter_Friesenpferde-Oberurff-150x150.png 150w, https:\/\/www.fpzv-ev.de\/wp-content\/uploads\/2023\/06\/FPZV_Zuechter_Friesenpferde-Oberurff-768x768.png 768w, https:\/\/www.fpzv-ev.de\/wp-content\/uploads\/2023\/06\/FPZV_Zuechter_Friesenpferde-Oberurff.png 1080w\" sizes=\"(max-width: 300px) 100vw, 300px\" \/>\t\t\t\t\t\t\t\t<\/a>\n\t\t\t\t\t\t\t\t\t\t\t<figcaption class=\"widget-image-caption wp-caption-text\">Bitte klicken Sie f\u00fcr mehr Infos auf das Bild<\/figcaption>\n\t\t\t\t\t\t\t\t\t\t<\/figure>\n\t\t\t\t\t\t\t<\/div>\n\t\t\t\t<\/div>\n\t\t\t\t\t<\/div>\n\t\t<\/div>\n\t\t\t\t<div class=\"elementor-column elementor-col-50 elementor-top-column elementor-element elementor-element-a5c6735\" data-id=\"a5c6735\" data-element_type=\"column\">\n\t\t\t<div class=\"elementor-widget-wrap elementor-element-populated\">\n\t\t\t\t\t\t<div class=\"elementor-element elementor-element-0ab99fe elementor-widget elementor-widget-text-editor\" data-id=\"0ab99fe\" data-element_type=\"widget\" data-widget_type=\"text-editor.default\">\n\t\t\t\t<div class=\"elementor-widget-container\">\n\t\t\t\t\t\t\t<p>Klaus V\u00f6ssing und Sylvia Sch\u00e4dlich haben sich vor \u00fcber 30 Jahren in das Friesenpferd verliebt. Seitdem z\u00fcchtet das Ehepaar die schwarzen Perlen auf dem ehemaligen Gutshof der Kurf\u00fcrsten von Hessen-Kassel im nordhessischen Oberurff. Auf der Deckstation stehen sechs HB I-Hengste. Ausgebildet und gef\u00f6rdert werden sie von Sylvia Sch\u00e4dlich und ihrem Team. Das Gest\u00fct gibt \u00fcber 60 Pferden aller Altersklassen ein Zuhause. In der Reitschule lernen junge Pferdefreunde den artgerechten Umgang mit dem Partner Pferd. Mehr Infos und den genauen Kontakt erhalten Sie durch einen Klick auf das Bild.<\/p>\t\t\t\t\t\t<\/div>\n\t\t\t\t<\/div>\n\t\t\t\t\t<\/div>\n\t\t<\/div>\n\t\t\t\t\t<\/div>\n\t\t<\/section>\n\t\t\t\t<section class=\"elementor-section elementor-top-section elementor-element elementor-element-84c2756 elementor-section-boxed elementor-section-height-default elementor-section-height-default\" data-id=\"84c2756\" data-element_type=\"section\">\n\t\t\t\t\t\t<div class=\"elementor-container elementor-column-gap-default\">\n\t\t\t\t\t<div class=\"elementor-column elementor-col-100 elementor-top-column elementor-element elementor-element-a580c52\" data-id=\"a580c52\" data-element_type=\"column\">\n\t\t\t<div class=\"elementor-widget-wrap elementor-element-populated\">\n\t\t\t\t\t\t<div class=\"elementor-element elementor-element-ab2f7b5 elementor-widget-divider--view-line elementor-widget elementor-widget-divider\" data-id=\"ab2f7b5\" data-element_type=\"widget\" data-widget_type=\"divider.default\">\n\t\t\t\t<div class=\"elementor-widget-container\">\n\t\t\t\t\t<div class=\"elementor-divider\">\n\t\t\t<span class=\"elementor-divider-separator\">\n\t\t\t\t\t\t<\/span>\n\t\t<\/div>\n\t\t\t\t<\/div>\n\t\t\t\t<\/div>\n\t\t\t\t\t<\/div>\n\t\t<\/div>\n\t\t\t\t\t<\/div>\n\t\t<\/section>\n\t\t\t\t<section class=\"elementor-section elementor-top-section elementor-element elementor-element-826a424 elementor-section-boxed elementor-section-height-default elementor-section-height-default\" data-id=\"826a424\" data-element_type=\"section\">\n\t\t\t\t\t\t<div class=\"elementor-container elementor-column-gap-default\">\n\t\t\t\t\t<div class=\"elementor-column elementor-col-50 elementor-top-column elementor-element elementor-element-00d16e8\" data-id=\"00d16e8\" data-element_type=\"column\">\n\t\t\t<div class=\"elementor-widget-wrap elementor-element-populated\">\n\t\t\t\t\t\t<div class=\"elementor-element elementor-element-bcbc78e elementor-widget elementor-widget-image\" data-id=\"bcbc78e\" data-element_type=\"widget\" data-widget_type=\"image.default\">\n\t\t\t\t<div class=\"elementor-widget-container\">\n\t\t\t\t\t\t\t\t\t\t<figure class=\"wp-caption\">\n\t\t\t\t\t\t\t\t\t\t\t<a href=\"https:\/\/www.facebook.com\/gaby.stoffmehl\/?locale=de_DE\" target=\"_blank\">\n\t\t\t\t\t\t\t<img loading=\"lazy\" decoding=\"async\" width=\"300\" height=\"300\" src=\"https:\/\/www.fpzv-ev.de\/wp-content\/uploads\/2023\/06\/FPZV_Zuechter_Gaby-Stoffmehl-300x300.png\" class=\"attachment-medium size-medium wp-image-4922\" alt=\"\" srcset=\"https:\/\/www.fpzv-ev.de\/wp-content\/uploads\/2023\/06\/FPZV_Zuechter_Gaby-Stoffmehl-300x300.png 300w, https:\/\/www.fpzv-ev.de\/wp-content\/uploads\/2023\/06\/FPZV_Zuechter_Gaby-Stoffmehl-1024x1024.png 1024w, https:\/\/www.fpzv-ev.de\/wp-content\/uploads\/2023\/06\/FPZV_Zuechter_Gaby-Stoffmehl-150x150.png 150w, https:\/\/www.fpzv-ev.de\/wp-content\/uploads\/2023\/06\/FPZV_Zuechter_Gaby-Stoffmehl-768x768.png 768w, https:\/\/www.fpzv-ev.de\/wp-content\/uploads\/2023\/06\/FPZV_Zuechter_Gaby-Stoffmehl.png 1080w\" sizes=\"(max-width: 300px) 100vw, 300px\" \/>\t\t\t\t\t\t\t\t<\/a>\n\t\t\t\t\t\t\t\t\t\t\t<figcaption class=\"widget-image-caption wp-caption-text\">Bitte klicken Sie f\u00fcr mehr Infos auf das Bild<\/figcaption>\n\t\t\t\t\t\t\t\t\t\t<\/figure>\n\t\t\t\t\t\t\t<\/div>\n\t\t\t\t<\/div>\n\t\t\t\t\t<\/div>\n\t\t<\/div>\n\t\t\t\t<div class=\"elementor-column elementor-col-50 elementor-top-column elementor-element elementor-element-81b0d96\" data-id=\"81b0d96\" data-element_type=\"column\">\n\t\t\t<div class=\"elementor-widget-wrap elementor-element-populated\">\n\t\t\t\t\t\t<div class=\"elementor-element elementor-element-073d2a4 elementor-widget elementor-widget-text-editor\" data-id=\"073d2a4\" data-element_type=\"widget\" data-widget_type=\"text-editor.default\">\n\t\t\t\t<div class=\"elementor-widget-container\">\n\t\t\t\t\t\t\t<p>Z\u00fcchterin und Ausbilderin Gabriele Stoffmehl bietet Stutenbesitzer:innen mit Ihren beiden Deckhengsten Thomas G.T. und Nieke S. zwei sportliche Vererber der Rasse Friesenpferd an. Beide Deckhengste sind auf dem Gest\u00fct Brauershof in Geldern zuhause und haben bereits viele Erfolge in Leistungspr\u00fcfung, Show und Turnier feiern k\u00f6nnen. Inzwischen drei Fohlenjahrg\u00e4nge von Thomas G. T. zeigen, dass er seine charakterlichen und k\u00f6rperlichen Qualit\u00e4ten an seine Nachzucht weitergibt.\u00a0<span style=\"color: var( --e-global-color-text ); font-family: var( --e-global-typography-text-font-family ), Sans-serif; font-weight: var( --e-global-typography-text-font-weight );\">Mehr Infos und den genauen Kontakt erhalten Sie durch einen Klick auf das Bild.<\/span><\/p>\t\t\t\t\t\t<\/div>\n\t\t\t\t<\/div>\n\t\t\t\t\t<\/div>\n\t\t<\/div>\n\t\t\t\t\t<\/div>\n\t\t<\/section>\n\t\t\t\t<section class=\"elementor-section elementor-top-section elementor-element elementor-element-c6f3602 elementor-section-boxed elementor-section-height-default elementor-section-height-default\" data-id=\"c6f3602\" data-element_type=\"section\">\n\t\t\t\t\t\t<div class=\"elementor-container elementor-column-gap-default\">\n\t\t\t\t\t<div class=\"elementor-column elementor-col-100 elementor-top-column elementor-element elementor-element-9556e91\" data-id=\"9556e91\" data-element_type=\"column\">\n\t\t\t<div class=\"elementor-widget-wrap elementor-element-populated\">\n\t\t\t\t\t\t<div class=\"elementor-element elementor-element-00a99dc elementor-widget-divider--view-line elementor-widget elementor-widget-divider\" data-id=\"00a99dc\" data-element_type=\"widget\" data-widget_type=\"divider.default\">\n\t\t\t\t<div class=\"elementor-widget-container\">\n\t\t\t\t\t<div class=\"elementor-divider\">\n\t\t\t<span class=\"elementor-divider-separator\">\n\t\t\t\t\t\t<\/span>\n\t\t<\/div>\n\t\t\t\t<\/div>\n\t\t\t\t<\/div>\n\t\t\t\t\t<\/div>\n\t\t<\/div>\n\t\t\t\t\t<\/div>\n\t\t<\/section>\n\t\t\t\t<section class=\"elementor-section elementor-top-section elementor-element elementor-element-86eeb14 elementor-section-boxed elementor-section-height-default elementor-section-height-default\" data-id=\"86eeb14\" data-element_type=\"section\">\n\t\t\t\t\t\t<div class=\"elementor-container elementor-column-gap-default\">\n\t\t\t\t\t<div class=\"elementor-column elementor-col-50 elementor-top-column elementor-element elementor-element-640eedc\" data-id=\"640eedc\" data-element_type=\"column\">\n\t\t\t<div class=\"elementor-widget-wrap elementor-element-populated\">\n\t\t\t\t\t\t<div class=\"elementor-element elementor-element-389cc10 elementor-widget elementor-widget-image\" data-id=\"389cc10\" data-element_type=\"widget\" data-widget_type=\"image.default\">\n\t\t\t\t<div class=\"elementor-widget-container\">\n\t\t\t\t\t\t\t\t\t\t<figure class=\"wp-caption\">\n\t\t\t\t\t\t\t\t\t\t\t<a href=\"https:\/\/xn--friesenzucht-grning-46b.de\/\" target=\"_blank\">\n\t\t\t\t\t\t\t<img loading=\"lazy\" decoding=\"async\" width=\"300\" height=\"300\" src=\"https:\/\/www.fpzv-ev.de\/wp-content\/uploads\/2023\/06\/FPZV_Zuechter_Friesenzucht-Groening-300x300.png\" class=\"attachment-medium size-medium wp-image-4932\" alt=\"FPZV_Zuechter_Friesenzucht Groening\" srcset=\"https:\/\/www.fpzv-ev.de\/wp-content\/uploads\/2023\/06\/FPZV_Zuechter_Friesenzucht-Groening-300x300.png 300w, https:\/\/www.fpzv-ev.de\/wp-content\/uploads\/2023\/06\/FPZV_Zuechter_Friesenzucht-Groening-1024x1024.png 1024w, https:\/\/www.fpzv-ev.de\/wp-content\/uploads\/2023\/06\/FPZV_Zuechter_Friesenzucht-Groening-150x150.png 150w, https:\/\/www.fpzv-ev.de\/wp-content\/uploads\/2023\/06\/FPZV_Zuechter_Friesenzucht-Groening-768x768.png 768w, https:\/\/www.fpzv-ev.de\/wp-content\/uploads\/2023\/06\/FPZV_Zuechter_Friesenzucht-Groening.png 1080w\" sizes=\"(max-width: 300px) 100vw, 300px\" \/>\t\t\t\t\t\t\t\t<\/a>\n\t\t\t\t\t\t\t\t\t\t\t<figcaption class=\"widget-image-caption wp-caption-text\">Bitte klicken Sie f\u00fcr mehr Infos auf das Bild<\/figcaption>\n\t\t\t\t\t\t\t\t\t\t<\/figure>\n\t\t\t\t\t\t\t<\/div>\n\t\t\t\t<\/div>\n\t\t\t\t\t<\/div>\n\t\t<\/div>\n\t\t\t\t<div class=\"elementor-column elementor-col-50 elementor-top-column elementor-element elementor-element-0dd18ce\" data-id=\"0dd18ce\" data-element_type=\"column\">\n\t\t\t<div class=\"elementor-widget-wrap elementor-element-populated\">\n\t\t\t\t\t\t<div class=\"elementor-element elementor-element-2621426 elementor-widget elementor-widget-text-editor\" data-id=\"2621426\" data-element_type=\"widget\" data-widget_type=\"text-editor.default\">\n\t\t\t\t<div class=\"elementor-widget-container\">\n\t\t\t\t\t\t\t<p>Gabriele und Heribert Gr\u00f6ning haben den Gr\u00f6nings Hof in Marl 2005 als f\u00fcnfte Familiengeneration \u00fcbernommen. Mit dem &#8222;Friesenvirus&#8220; haben sie sich in einer Apassionata-Show infiziert und sich seitdem der Zucht und dem Fahrsport mit dieser Rasse verschrieben. In Josef Loy fand das Ehepaar einen erfahrenen Unterst\u00fctzer, der ihnen bei der Grundlage Ihrer Zucht half. Mit Hannes G. H. und Grandus G. H. stehen in Marl zwei gek\u00f6rte Friesenhengste, die voraussichtlich ab der Decksaison 2024 als Zuchthengste gelistet sein werden. Mehr Infos und den genauen Kontakt erhalten Sie durch einen Klick auf das Bild.<\/p>\t\t\t\t\t\t<\/div>\n\t\t\t\t<\/div>\n\t\t\t\t\t<\/div>\n\t\t<\/div>\n\t\t\t\t\t<\/div>\n\t\t<\/section>\n\t\t\t\t<section class=\"elementor-section elementor-top-section elementor-element elementor-element-d366d36 elementor-section-boxed elementor-section-height-default elementor-section-height-default\" data-id=\"d366d36\" data-element_type=\"section\">\n\t\t\t\t\t\t<div class=\"elementor-container elementor-column-gap-default\">\n\t\t\t\t\t<div class=\"elementor-column elementor-col-100 elementor-top-column elementor-element elementor-element-3ec440d\" data-id=\"3ec440d\" data-element_type=\"column\">\n\t\t\t<div class=\"elementor-widget-wrap elementor-element-populated\">\n\t\t\t\t\t\t<div class=\"elementor-element elementor-element-7c8935e elementor-widget-divider--view-line elementor-widget elementor-widget-divider\" data-id=\"7c8935e\" data-element_type=\"widget\" data-widget_type=\"divider.default\">\n\t\t\t\t<div class=\"elementor-widget-container\">\n\t\t\t\t\t<div class=\"elementor-divider\">\n\t\t\t<span class=\"elementor-divider-separator\">\n\t\t\t\t\t\t<\/span>\n\t\t<\/div>\n\t\t\t\t<\/div>\n\t\t\t\t<\/div>\n\t\t\t\t\t<\/div>\n\t\t<\/div>\n\t\t\t\t\t<\/div>\n\t\t<\/section>\n\t\t\t\t<section class=\"elementor-section elementor-top-section elementor-element elementor-element-ca9e0f8 elementor-section-boxed elementor-section-height-default elementor-section-height-default\" data-id=\"ca9e0f8\" data-element_type=\"section\">\n\t\t\t\t\t\t<div class=\"elementor-container elementor-column-gap-default\">\n\t\t\t\t\t<div class=\"elementor-column elementor-col-50 elementor-top-column elementor-element elementor-element-9b6bc13\" data-id=\"9b6bc13\" data-element_type=\"column\">\n\t\t\t<div class=\"elementor-widget-wrap elementor-element-populated\">\n\t\t\t\t\t\t<div class=\"elementor-element elementor-element-02a9cd0 elementor-widget elementor-widget-image\" data-id=\"02a9cd0\" data-element_type=\"widget\" data-widget_type=\"image.default\">\n\t\t\t\t<div class=\"elementor-widget-container\">\n\t\t\t\t\t\t\t\t\t\t<figure class=\"wp-caption\">\n\t\t\t\t\t\t\t\t\t\t\t<a href=\"https:\/\/www.facebook.com\/Friesenhengststation\/?locale=de_DE\" target=\"_blank\">\n\t\t\t\t\t\t\t<img loading=\"lazy\" decoding=\"async\" width=\"300\" height=\"300\" src=\"https:\/\/www.fpzv-ev.de\/wp-content\/uploads\/2023\/06\/FPZV_Zuechter_Friesenhengststation-300x300.png\" class=\"attachment-medium size-medium wp-image-4957\" alt=\"FPZV_Zuechter_Friesenhengststation\" srcset=\"https:\/\/www.fpzv-ev.de\/wp-content\/uploads\/2023\/06\/FPZV_Zuechter_Friesenhengststation-300x300.png 300w, https:\/\/www.fpzv-ev.de\/wp-content\/uploads\/2023\/06\/FPZV_Zuechter_Friesenhengststation-1024x1024.png 1024w, https:\/\/www.fpzv-ev.de\/wp-content\/uploads\/2023\/06\/FPZV_Zuechter_Friesenhengststation-150x150.png 150w, https:\/\/www.fpzv-ev.de\/wp-content\/uploads\/2023\/06\/FPZV_Zuechter_Friesenhengststation-768x768.png 768w, https:\/\/www.fpzv-ev.de\/wp-content\/uploads\/2023\/06\/FPZV_Zuechter_Friesenhengststation.png 1080w\" sizes=\"(max-width: 300px) 100vw, 300px\" \/>\t\t\t\t\t\t\t\t<\/a>\n\t\t\t\t\t\t\t\t\t\t\t<figcaption class=\"widget-image-caption wp-caption-text\">Bitte klicken Sie f\u00fcr mehr Infos auf das Bild<\/figcaption>\n\t\t\t\t\t\t\t\t\t\t<\/figure>\n\t\t\t\t\t\t\t<\/div>\n\t\t\t\t<\/div>\n\t\t\t\t\t<\/div>\n\t\t<\/div>\n\t\t\t\t<div class=\"elementor-column elementor-col-50 elementor-top-column elementor-element elementor-element-e5cf36a\" data-id=\"e5cf36a\" data-element_type=\"column\">\n\t\t\t<div class=\"elementor-widget-wrap elementor-element-populated\">\n\t\t\t\t\t\t<div class=\"elementor-element elementor-element-abba4e7 elementor-widget elementor-widget-text-editor\" data-id=\"abba4e7\" data-element_type=\"widget\" data-widget_type=\"text-editor.default\">\n\t\t\t\t<div class=\"elementor-widget-container\">\n\t\t\t\t\t\t\t<p>Die Friesenhengststation von Stefan Heyduschka befindet sich in der N\u00e4he von Bad Segeberg. Seit vielen Jahren dem Friesenpferd verschrieben, ber\u00e4t Heyduschka und sein Team Zuchtinteressierte in allen Fragen zur Anpaarung, Zucht und Ausbildung. Auf der Station steht unter anderem der Friesenhengst Filou, der gerade im Fahrsport zahlreiche Erfolge aufweist.<\/p><p>Mehr Infos und den genauen Kontakt erhalten Sie durch einen Klick auf das Bild.<\/p>\t\t\t\t\t\t<\/div>\n\t\t\t\t<\/div>\n\t\t\t\t\t<\/div>\n\t\t<\/div>\n\t\t\t\t\t<\/div>\n\t\t<\/section>\n\t\t\t\t<section class=\"elementor-section elementor-top-section elementor-element elementor-element-1ced7b7 elementor-section-boxed elementor-section-height-default elementor-section-height-default\" data-id=\"1ced7b7\" data-element_type=\"section\">\n\t\t\t\t\t\t<div class=\"elementor-container elementor-column-gap-default\">\n\t\t\t\t\t<div class=\"elementor-column elementor-col-100 elementor-top-column elementor-element elementor-element-f1c6335\" data-id=\"f1c6335\" data-element_type=\"column\">\n\t\t\t<div class=\"elementor-widget-wrap elementor-element-populated\">\n\t\t\t\t\t\t<div class=\"elementor-element elementor-element-ba0b67a elementor-widget-divider--view-line elementor-widget elementor-widget-divider\" data-id=\"ba0b67a\" data-element_type=\"widget\" data-widget_type=\"divider.default\">\n\t\t\t\t<div class=\"elementor-widget-container\">\n\t\t\t\t\t<div class=\"elementor-divider\">\n\t\t\t<span class=\"elementor-divider-separator\">\n\t\t\t\t\t\t<\/span>\n\t\t<\/div>\n\t\t\t\t<\/div>\n\t\t\t\t<\/div>\n\t\t\t\t\t<\/div>\n\t\t<\/div>\n\t\t\t\t\t<\/div>\n\t\t<\/section>\n\t\t\t\t<section class=\"elementor-section elementor-top-section elementor-element elementor-element-34b07c6 elementor-section-boxed elementor-section-height-default elementor-section-height-default\" data-id=\"34b07c6\" data-element_type=\"section\">\n\t\t\t\t\t\t<div class=\"elementor-container elementor-column-gap-default\">\n\t\t\t\t\t<div class=\"elementor-column elementor-col-50 elementor-top-column elementor-element elementor-element-cac76ed\" data-id=\"cac76ed\" data-element_type=\"column\">\n\t\t\t<div class=\"elementor-widget-wrap elementor-element-populated\">\n\t\t\t\t\t\t<div class=\"elementor-element elementor-element-f34cc23 elementor-widget elementor-widget-image\" data-id=\"f34cc23\" data-element_type=\"widget\" data-widget_type=\"image.default\">\n\t\t\t\t<div class=\"elementor-widget-container\">\n\t\t\t\t\t\t\t\t\t\t<figure class=\"wp-caption\">\n\t\t\t\t\t\t\t\t\t\t\t<a href=\"http:\/\/www.zanon-bellihof.de\/index.php\/bellihof\" target=\"_blank\">\n\t\t\t\t\t\t\t<img loading=\"lazy\" decoding=\"async\" width=\"300\" height=\"300\" src=\"https:\/\/www.fpzv-ev.de\/wp-content\/uploads\/2023\/06\/FPZV_Zuechter_Bellihof-300x300.png\" class=\"attachment-medium size-medium wp-image-4974\" alt=\"FPZV_Zuechter_Bellihof\" srcset=\"https:\/\/www.fpzv-ev.de\/wp-content\/uploads\/2023\/06\/FPZV_Zuechter_Bellihof-300x300.png 300w, https:\/\/www.fpzv-ev.de\/wp-content\/uploads\/2023\/06\/FPZV_Zuechter_Bellihof-1024x1024.png 1024w, https:\/\/www.fpzv-ev.de\/wp-content\/uploads\/2023\/06\/FPZV_Zuechter_Bellihof-150x150.png 150w, https:\/\/www.fpzv-ev.de\/wp-content\/uploads\/2023\/06\/FPZV_Zuechter_Bellihof-768x768.png 768w, https:\/\/www.fpzv-ev.de\/wp-content\/uploads\/2023\/06\/FPZV_Zuechter_Bellihof.png 1080w\" sizes=\"(max-width: 300px) 100vw, 300px\" \/>\t\t\t\t\t\t\t\t<\/a>\n\t\t\t\t\t\t\t\t\t\t\t<figcaption class=\"widget-image-caption wp-caption-text\">Bitte klicken Sie f\u00fcr mehr Infos auf das Bild.<\/figcaption>\n\t\t\t\t\t\t\t\t\t\t<\/figure>\n\t\t\t\t\t\t\t<\/div>\n\t\t\t\t<\/div>\n\t\t\t\t\t<\/div>\n\t\t<\/div>\n\t\t\t\t<div class=\"elementor-column elementor-col-50 elementor-top-column elementor-element elementor-element-e4db016\" data-id=\"e4db016\" data-element_type=\"column\">\n\t\t\t<div class=\"elementor-widget-wrap elementor-element-populated\">\n\t\t\t\t\t\t<div class=\"elementor-element elementor-element-c9459e9 elementor-widget elementor-widget-text-editor\" data-id=\"c9459e9\" data-element_type=\"widget\" data-widget_type=\"text-editor.default\">\n\t\t\t\t<div class=\"elementor-widget-container\">\n\t\t\t\t\t\t\t<p>Der Bellihof im S\u00fcdschwarzwald z\u00e4hlt zu unseren am s\u00fcdlichsten gelegenen Mitgliedern. Elke und Bernhard Zanon bieten auf ihrer Anlage G\u00e4sten, Reiter:innen und Z\u00fcchter:innen eine gro\u00dfartige Auszeit vom Trubel des Alltags. Den Schwarzwald auf dem R\u00fccken eines majest\u00e4tischen Friesenpferdes erkunden \u2013 das ist auf dem Bellihof m\u00f6glich. Aus der Friesenzucht des Bellihofs stammt unter anderem Deckhengst Hakon vom Bellihof, der auf der Deckstation in Oberurff ein neues Zuhause und einen neuen Wirkungskreis gefunden hat. Mehr Infos und den genauen Kontakt erhalten Sie durch einen Klick auf das Bild.<\/p>\t\t\t\t\t\t<\/div>\n\t\t\t\t<\/div>\n\t\t\t\t\t<\/div>\n\t\t<\/div>\n\t\t\t\t\t<\/div>\n\t\t<\/section>\n\t\t\t\t<section class=\"elementor-section elementor-top-section elementor-element elementor-element-b459098 elementor-section-boxed elementor-section-height-default elementor-section-height-default\" data-id=\"b459098\" data-element_type=\"section\">\n\t\t\t\t\t\t<div class=\"elementor-container elementor-column-gap-default\">\n\t\t\t\t\t<div class=\"elementor-column elementor-col-100 elementor-top-column elementor-element elementor-element-5959859\" data-id=\"5959859\" data-element_type=\"column\">\n\t\t\t<div class=\"elementor-widget-wrap elementor-element-populated\">\n\t\t\t\t\t\t<div class=\"elementor-element elementor-element-f85da76 elementor-widget-divider--view-line elementor-widget elementor-widget-divider\" data-id=\"f85da76\" data-element_type=\"widget\" data-widget_type=\"divider.default\">\n\t\t\t\t<div class=\"elementor-widget-container\">\n\t\t\t\t\t<div class=\"elementor-divider\">\n\t\t\t<span class=\"elementor-divider-separator\">\n\t\t\t\t\t\t<\/span>\n\t\t<\/div>\n\t\t\t\t<\/div>\n\t\t\t\t<\/div>\n\t\t\t\t\t<\/div>\n\t\t<\/div>\n\t\t\t\t\t<\/div>\n\t\t<\/section>\n\t\t\t\t<section class=\"elementor-section elementor-top-section elementor-element elementor-element-0e88df7 elementor-section-boxed elementor-section-height-default elementor-section-height-default\" data-id=\"0e88df7\" data-element_type=\"section\">\n\t\t\t\t\t\t<div class=\"elementor-container elementor-column-gap-default\">\n\t\t\t\t\t<div class=\"elementor-column elementor-col-50 elementor-top-column elementor-element elementor-element-803497e\" data-id=\"803497e\" data-element_type=\"column\">\n\t\t\t<div class=\"elementor-widget-wrap elementor-element-populated\">\n\t\t\t\t\t\t<div class=\"elementor-element elementor-element-80f059c elementor-widget elementor-widget-image\" data-id=\"80f059c\" data-element_type=\"widget\" data-widget_type=\"image.default\">\n\t\t\t\t<div class=\"elementor-widget-container\">\n\t\t\t\t\t\t\t\t\t\t<figure class=\"wp-caption\">\n\t\t\t\t\t\t\t\t\t\t\t<a href=\"https:\/\/zauberross.de\/\" target=\"_blank\">\n\t\t\t\t\t\t\t<img loading=\"lazy\" decoding=\"async\" width=\"300\" height=\"300\" src=\"https:\/\/www.fpzv-ev.de\/wp-content\/uploads\/2023\/06\/FPZV_Zuechter_Weihermuehle-300x300.png\" class=\"attachment-medium size-medium wp-image-4978\" alt=\"FPZV_Zuechter_Weihermu\u0308hle\" srcset=\"https:\/\/www.fpzv-ev.de\/wp-content\/uploads\/2023\/06\/FPZV_Zuechter_Weihermuehle-300x300.png 300w, https:\/\/www.fpzv-ev.de\/wp-content\/uploads\/2023\/06\/FPZV_Zuechter_Weihermuehle-1024x1024.png 1024w, https:\/\/www.fpzv-ev.de\/wp-content\/uploads\/2023\/06\/FPZV_Zuechter_Weihermuehle-150x150.png 150w, https:\/\/www.fpzv-ev.de\/wp-content\/uploads\/2023\/06\/FPZV_Zuechter_Weihermuehle-768x768.png 768w, https:\/\/www.fpzv-ev.de\/wp-content\/uploads\/2023\/06\/FPZV_Zuechter_Weihermuehle.png 1080w\" sizes=\"(max-width: 300px) 100vw, 300px\" \/>\t\t\t\t\t\t\t\t<\/a>\n\t\t\t\t\t\t\t\t\t\t\t<figcaption class=\"widget-image-caption wp-caption-text\">Bitte klicken Sie f\u00fcr mehr Infos auf das Bild.<\/figcaption>\n\t\t\t\t\t\t\t\t\t\t<\/figure>\n\t\t\t\t\t\t\t<\/div>\n\t\t\t\t<\/div>\n\t\t\t\t\t<\/div>\n\t\t<\/div>\n\t\t\t\t<div class=\"elementor-column elementor-col-50 elementor-top-column elementor-element elementor-element-550906d\" data-id=\"550906d\" data-element_type=\"column\">\n\t\t\t<div class=\"elementor-widget-wrap elementor-element-populated\">\n\t\t\t\t\t\t<div class=\"elementor-element elementor-element-4c31b79 elementor-widget elementor-widget-text-editor\" data-id=\"4c31b79\" data-element_type=\"widget\" data-widget_type=\"text-editor.default\">\n\t\t\t\t<div class=\"elementor-widget-container\">\n\t\t\t\t\t\t\t<p>Das Gest\u00fct Weiherm\u00fchle in Schmelz ist der ideale Ort f\u00fcr Urlaub mit dem (Friesen-)Pferd. Nora und Christian Eisenlauer begr\u00fc\u00dfen auf Ihrer Reitanlage G\u00e4ste, die eine Auszeit in der Natur suchen und diese Zeit mit oder ohne Partner Pferd genie\u00dfen wollen. Reitstunden, Coaching, Bewegung und vieles mehr erwartet Besucher:innen bei den Zauberr\u00f6ssern, deren Zucht sich Familie Eisenlauer zudem verschrieben hat. Auch sie fanden in Josey Loy einen erfahrenen Unterst\u00fctzer und Lehrer. Mehr Infos zum Angebot und den genauen Kontakt erhalten Sie durch einen Klick auf das Bild.<\/p>\t\t\t\t\t\t<\/div>\n\t\t\t\t<\/div>\n\t\t\t\t\t<\/div>\n\t\t<\/div>\n\t\t\t\t\t<\/div>\n\t\t<\/section>\n\t\t\t\t<section class=\"elementor-section elementor-top-section elementor-element elementor-element-3a65b7b elementor-section-boxed elementor-section-height-default elementor-section-height-default\" data-id=\"3a65b7b\" data-element_type=\"section\">\n\t\t\t\t\t\t<div class=\"elementor-container elementor-column-gap-default\">\n\t\t\t\t\t<div class=\"elementor-column elementor-col-100 elementor-top-column elementor-element elementor-element-8d329f7\" data-id=\"8d329f7\" data-element_type=\"column\">\n\t\t\t<div class=\"elementor-widget-wrap elementor-element-populated\">\n\t\t\t\t\t\t<div class=\"elementor-element elementor-element-93f8613 elementor-widget-divider--view-line elementor-widget elementor-widget-divider\" data-id=\"93f8613\" data-element_type=\"widget\" data-widget_type=\"divider.default\">\n\t\t\t\t<div class=\"elementor-widget-container\">\n\t\t\t\t\t<div class=\"elementor-divider\">\n\t\t\t<span class=\"elementor-divider-separator\">\n\t\t\t\t\t\t<\/span>\n\t\t<\/div>\n\t\t\t\t<\/div>\n\t\t\t\t<\/div>\n\t\t\t\t\t<\/div>\n\t\t<\/div>\n\t\t\t\t\t<\/div>\n\t\t<\/section>\n\t\t\t\t<section class=\"elementor-section elementor-top-section elementor-element elementor-element-81a1065 elementor-section-boxed elementor-section-height-default elementor-section-height-default\" data-id=\"81a1065\" data-element_type=\"section\">\n\t\t\t\t\t\t<div class=\"elementor-container elementor-column-gap-default\">\n\t\t\t\t\t<div class=\"elementor-column elementor-col-100 elementor-top-column elementor-element elementor-element-58f76f1\" data-id=\"58f76f1\" data-element_type=\"column\">\n\t\t\t<div class=\"elementor-widget-wrap elementor-element-populated\">\n\t\t\t\t\t\t<div class=\"elementor-element elementor-element-fbba2a6 elementor-widget elementor-widget-heading\" data-id=\"fbba2a6\" data-element_type=\"widget\" data-widget_type=\"heading.default\">\n\t\t\t\t<div class=\"elementor-widget-container\">\n\t\t\t<h1 class=\"elementor-heading-title elementor-size-default\">Unser Tochterverband in den USA<\/h1>\t\t<\/div>\n\t\t\t\t<\/div>\n\t\t\t\t\t<\/div>\n\t\t<\/div>\n\t\t\t\t\t<\/div>\n\t\t<\/section>\n\t\t\t\t<section class=\"elementor-section elementor-top-section elementor-element elementor-element-9d945ee elementor-section-boxed elementor-section-height-default elementor-section-height-default\" data-id=\"9d945ee\" data-element_type=\"section\">\n\t\t\t\t\t\t<div class=\"elementor-container elementor-column-gap-default\">\n\t\t\t\t\t<div class=\"elementor-column elementor-col-50 elementor-top-column elementor-element elementor-element-c1b37e7\" data-id=\"c1b37e7\" data-element_type=\"column\">\n\t\t\t<div class=\"elementor-widget-wrap elementor-element-populated\">\n\t\t\t\t\t\t<div class=\"elementor-element elementor-element-79dcf0d elementor-widget elementor-widget-image\" data-id=\"79dcf0d\" data-element_type=\"widget\" data-widget_type=\"image.default\">\n\t\t\t\t<div class=\"elementor-widget-container\">\n\t\t\t\t\t\t\t\t\t\t<figure class=\"wp-caption\">\n\t\t\t\t\t\t\t\t\t\t\t<a href=\"https:\/\/www.fpzvusa.com\/index.html\">\n\t\t\t\t\t\t\t<img loading=\"lazy\" decoding=\"async\" width=\"300\" height=\"300\" src=\"https:\/\/www.fpzv-ev.de\/wp-content\/uploads\/2023\/06\/FPZV_Zuechter_FPZV-USA-300x300.png\" class=\"attachment-medium size-medium wp-image-5008\" alt=\"FPZV_Zuechter_FPZV USA\" srcset=\"https:\/\/www.fpzv-ev.de\/wp-content\/uploads\/2023\/06\/FPZV_Zuechter_FPZV-USA-300x300.png 300w, https:\/\/www.fpzv-ev.de\/wp-content\/uploads\/2023\/06\/FPZV_Zuechter_FPZV-USA-1024x1024.png 1024w, https:\/\/www.fpzv-ev.de\/wp-content\/uploads\/2023\/06\/FPZV_Zuechter_FPZV-USA-150x150.png 150w, https:\/\/www.fpzv-ev.de\/wp-content\/uploads\/2023\/06\/FPZV_Zuechter_FPZV-USA-768x768.png 768w, https:\/\/www.fpzv-ev.de\/wp-content\/uploads\/2023\/06\/FPZV_Zuechter_FPZV-USA.png 1080w\" sizes=\"(max-width: 300px) 100vw, 300px\" \/>\t\t\t\t\t\t\t\t<\/a>\n\t\t\t\t\t\t\t\t\t\t\t<figcaption class=\"widget-image-caption wp-caption-text\">Bitte klicken Sie f\u00fcr mehr Infos auf das Bild.<\/figcaption>\n\t\t\t\t\t\t\t\t\t\t<\/figure>\n\t\t\t\t\t\t\t<\/div>\n\t\t\t\t<\/div>\n\t\t\t\t\t<\/div>\n\t\t<\/div>\n\t\t\t\t<div class=\"elementor-column elementor-col-50 elementor-top-column elementor-element elementor-element-e8da84b\" data-id=\"e8da84b\" data-element_type=\"column\">\n\t\t\t<div class=\"elementor-widget-wrap elementor-element-populated\">\n\t\t\t\t\t\t<div class=\"elementor-element elementor-element-fc22560 elementor-widget elementor-widget-text-editor\" data-id=\"fc22560\" data-element_type=\"widget\" data-widget_type=\"text-editor.default\">\n\t\t\t\t<div class=\"elementor-widget-container\">\n\t\t\t\t\t\t\t<p>Die Vereinigten Staaten von Amerika sind schon seit Jahrzehnten Heimat f\u00fcr unsere Friesenpferde. Sie sind in den USA so beliebt, dass der Friesenpferde-Zuchtverband e. V. mit Hilfe von Pieter Franken einen Tochterverband gr\u00fcnden konnte. In den USA sind insbesondere Cross-Z\u00fcchtungen mit Friesenpferden beliebt. Und so finden sich auf amerikanischem Boden zahlreiche Friesenpferde in Sonderlackierung wieder. Mehr Infos zu den Deckhengsten, die in den USA verf\u00fcgbar sind, und zum amerikanischen Teil des FPZV erhalten Sie durch einen Klick auf das Bild.<\/p>\t\t\t\t\t\t<\/div>\n\t\t\t\t<\/div>\n\t\t\t\t\t<\/div>\n\t\t<\/div>\n\t\t\t\t\t<\/div>\n\t\t<\/section>\n\t\t\t\t<\/div>\n\t\t","protected":false},"excerpt":{"rendered":"<p>Bitte klicken Sie f\u00fcr mehr Infos auf das Bild. Z\u00fcchter und Ausbilder G\u00fcnther Fr\u00f6hlich z\u00e4hlt zu den Gr\u00fcndern des Friesenpferde-Zuchtverband e. V. Heute ist er Ehrenmitglied des Verbandes. Auf seiner Reitanlage in Arsbeck vermittelt er unterst\u00fctzt von seiner Frau Susanne Fischer-Fr\u00f6hlich zahlreichen (Friesen-) Pferdemenschen Wissen \u00fcber Zucht und Pferdetraining. Mehr Infos zum Angebot und den &#8230; <a title=\"Z\u00fcchter und Partner\" class=\"read-more\" href=\"https:\/\/www.fpzv-ev.de\/index.php\/der-fpzv\/partner\/\" aria-label=\"Mehr bei Z\u00fcchter und Partner\">Weiterlesen &#8230;<\/a><\/p>\n","protected":false},"author":2,"featured_media":0,"parent":3902,"menu_order":0,"comment_status":"closed","ping_status":"closed","template":"","meta":{"generate_page_header":""},"_links":{"self":[{"href":"https:\/\/www.fpzv-ev.de\/index.php\/wp-json\/wp\/v2\/pages\/105"}],"collection":[{"href":"https:\/\/www.fpzv-ev.de\/index.php\/wp-json\/wp\/v2\/pages"}],"about":[{"href":"https:\/\/www.fpzv-ev.de\/index.php\/wp-json\/wp\/v2\/types\/page"}],"author":[{"embeddable":true,"href":"https:\/\/www.fpzv-ev.de\/index.php\/wp-json\/wp\/v2\/users\/2"}],"replies":[{"embeddable":true,"href":"https:\/\/www.fpzv-ev.de\/index.php\/wp-json\/wp\/v2\/comments?post=105"}],"version-history":[{"count":159,"href":"https:\/\/www.fpzv-ev.de\/index.php\/wp-json\/wp\/v2\/pages\/105\/revisions"}],"predecessor-version":[{"id":6364,"href":"https:\/\/www.fpzv-ev.de\/index.php\/wp-json\/wp\/v2\/pages\/105\/revisions\/6364"}],"up":[{"embeddable":true,"href":"https:\/\/www.fpzv-ev.de\/index.php\/wp-json\/wp\/v2\/pages\/3902"}],"wp:attachment":[{"href":"https:\/\/www.fpzv-ev.de\/index.php\/wp-json\/wp\/v2\/media?parent=105"}],"curies":[{"name":"wp","href":"https:\/\/api.w.org\/{rel}","templated":true}]}}